{"id":25053,"date":"2023-09-13T17:32:14","date_gmt":"2023-09-13T15:32:14","guid":{"rendered":"https:\/\/prawo-oze.uwr.edu.pl\/wp-content\/uploads\/sites\/422\/2023\/09\/Dariusz-Adamski.jpg"},"modified":"2023-09-13T17:55:00","modified_gmt":"2023-09-13T15:55:00","slug":"dariusz-adamski-2","status":"inherit","type":"attachment","link":"https:\/\/prawo-oze.uwr.edu.pl\/en\/dariusz-adamski-2\/","title":{"rendered":"Dariusz-Adamski"},"author":4764,"featured_media":0,"comment_status":"closed","ping_status":"closed","template":"","meta":{"_acf_changed":false,"inline_featured_image":false,"site-sidebar-layout":"default","site-content-layout":"","ast-site-content-layout":"default","site-content-style":"default","site-sidebar-style":"default","ast-global-header-display":"","ast-banner-title-visibility":"","ast-main-header-display":"","ast-hfb-above-header-display":"","ast-hfb-below-header-display":"","ast-hfb-mobile-header-display":"","site-post-title":"","ast-breadcrumbs-content":"","ast-featured-img":"","footer-sml-layout":"","ast-disable-related-posts":"","theme-transparent-header-meta":"","adv-header-id-meta":"","stick-header-meta":"","header-above-stick-meta":"","header-main-stick-meta":"","header-below-stick-meta":"","astra-migrate-meta-layouts":"default","ast-page-background-enabled":"default","ast-page-background-meta":{"desktop":{"background-color":"","background-image":"","background-repeat":"repeat","background-position":"center center","background-size":"auto","background-attachment":"scroll","background-type":"","background-media":"","overlay-type":"","overlay-color":"","overlay-opacity":"","overlay-gradient":""},"tablet":{"background-color":"","background-image":"","background-repeat":"repeat","background-position":"center center","background-size":"auto","background-attachment":"scroll","background-type":"","background-media":"","overlay-type":"","overlay-color":"","overlay-opacity":"","overlay-gradient":""},"mobile":{"background-color":"","background-image":"","background-repeat":"repeat","background-position":"center center","background-size":"auto","background-attachment":"scroll","background-type":"","background-media":"","overlay-type":"","overlay-color":"","overlay-opacity":"","overlay-gradient":""}},"ast-content-background-meta":{"desktop":{"background-color":"var(--ast-global-color-5)","background-image":"","background-repeat":"repeat","background-position":"center center","background-size":"auto","background-attachment":"scroll","background-type":"","background-media":"","overlay-type":"","overlay-color":"","overlay-opacity":"","overlay-gradient":""},"tablet":{"background-color":"var(--ast-global-color-5)","background-image":"","background-repeat":"repeat","background-position":"center center","background-size":"auto","background-attachment":"scroll","background-type":"","background-media":"","overlay-type":"","overlay-color":"","overlay-opacity":"","overlay-gradient":""},"mobile":{"background-color":"var(--ast-global-color-5)","background-image":"","background-repeat":"repeat","background-position":"center center","background-size":"auto","background-attachment":"scroll","background-type":"","background-media":"","overlay-type":"","overlay-color":"","overlay-opacity":"","overlay-gradient":""}}},"attachment_category":[],"attachment_tag":[],"class_list":["post-25053","attachment","type-attachment","status-inherit","hentry"],"acf":[],"yoast_head":"<!-- This site is optimized with the Yoast SEO plugin v27.1.1 - https:\/\/yoast.com\/product\/yoast-seo-wordpress\/ -->\n<title>Dariusz-Adamski - Transformacja energetyczno-klimatyczna. Prawo odnawialnych \u017ar\u00f3de\u0142 energii<\/title>\n<meta name=\"robots\" content=\"index, follow, max-snippet:-1, max-image-preview:large, max-video-preview:-1\" \/>\n<link rel=\"canonical\" href=\"https:\/\/prawo-oze.uwr.edu.pl\/wp-content\/uploads\/sites\/422\/2023\/09\/Dariusz-Adamski-scaled.jpg\" \/>\n<meta property=\"og:locale\" content=\"en_US\" \/>\n<meta property=\"og:type\" content=\"article\" \/>\n<meta property=\"og:title\" content=\"Dariusz-Adamski - Transformacja energetyczno-klimatyczna. Prawo odnawialnych \u017ar\u00f3de\u0142 energii\" \/>\n<meta property=\"og:description\" content=\"Dariusz Adamski\" \/>\n<meta property=\"og:url\" content=\"https:\/\/prawo-oze.uwr.edu.pl\/wp-content\/uploads\/sites\/422\/2023\/09\/Dariusz-Adamski-scaled.jpg\" \/>\n<meta property=\"og:site_name\" content=\"Transformacja energetyczno-klimatyczna. Prawo odnawialnych \u017ar\u00f3de\u0142 energii\" \/>\n<meta property=\"article:publisher\" content=\"https:\/\/www.facebook.com\/profile.php?id=100094329344171\" \/>\n<meta property=\"article:modified_time\" content=\"2023-09-13T15:55:00+00:00\" \/>\n<meta property=\"og:image\" content=\"https:\/\/prawo-oze.uwr.edu.pl\/wp-content\/uploads\/sites\/422\/2023\/09\/Dariusz-Adamski-scaled.jpg\" \/>\n\t<meta property=\"og:image:width\" content=\"2560\" \/>\n\t<meta property=\"og:image:height\" content=\"1708\" \/>\n\t<meta property=\"og:image:type\" content=\"image\/jpeg\" \/>\n<meta name=\"twitter:card\" content=\"summary_large_image\" \/>\n<script type=\"application\/ld+json\" class=\"yoast-schema-graph\">{\"@context\":\"https:\/\/schema.org\",\"@graph\":[{\"@type\":[\"WebPage\",\"ProfilePage\"],\"@id\":\"https:\/\/prawo-oze.uwr.edu.pl\/wp-content\/uploads\/sites\/422\/2023\/09\/Dariusz-Adamski-scaled.jpg\",\"url\":\"https:\/\/prawo-oze.uwr.edu.pl\/wp-content\/uploads\/sites\/422\/2023\/09\/Dariusz-Adamski-scaled.jpg\",\"name\":\"Dariusz-Adamski - Transformacja energetyczno-klimatyczna. Prawo odnawialnych \u017ar\u00f3de\u0142 energii\",\"isPartOf\":{\"@id\":\"https:\/\/prawo-oze.uwr.edu.pl\/#website\"},\"datePublished\":\"2023-09-13T15:32:14+00:00\",\"dateModified\":\"2023-09-13T15:55:00+00:00\",\"breadcrumb\":{\"@id\":\"https:\/\/prawo-oze.uwr.edu.pl\/wp-content\/uploads\/sites\/422\/2023\/09\/Dariusz-Adamski-scaled.jpg#breadcrumb\"},\"inLanguage\":\"en-US\",\"potentialAction\":[{\"@type\":\"ReadAction\",\"target\":[\"https:\/\/prawo-oze.uwr.edu.pl\/wp-content\/uploads\/sites\/422\/2023\/09\/Dariusz-Adamski-scaled.jpg\"]}]},{\"@type\":\"BreadcrumbList\",\"@id\":\"https:\/\/prawo-oze.uwr.edu.pl\/wp-content\/uploads\/sites\/422\/2023\/09\/Dariusz-Adamski-scaled.jpg#breadcrumb\",\"itemListElement\":[{\"@type\":\"ListItem\",\"position\":1,\"name\":\"Strona g\u0142\u00f3wna\",\"item\":\"https:\/\/prawo-oze.uwr.edu.pl\/\"},{\"@type\":\"ListItem\",\"position\":2,\"name\":\"Dariusz-Adamski\"}]},{\"@type\":\"WebSite\",\"@id\":\"https:\/\/prawo-oze.uwr.edu.pl\/#website\",\"url\":\"https:\/\/prawo-oze.uwr.edu.pl\/\",\"name\":\"Transformacja energetyczno-klimatyczna. Prawo odnawialnych \u017ar\u00f3de\u0142 energii\",\"description\":\"Kolejna witryna sieci \u201eUWR Witryny\u201d\",\"publisher\":{\"@id\":\"https:\/\/prawo-oze.uwr.edu.pl\/#organization\"},\"potentialAction\":[{\"@type\":\"SearchAction\",\"target\":{\"@type\":\"EntryPoint\",\"urlTemplate\":\"https:\/\/prawo-oze.uwr.edu.pl\/?s={search_term_string}\"},\"query-input\":{\"@type\":\"PropertyValueSpecification\",\"valueRequired\":true,\"valueName\":\"search_term_string\"}}],\"inLanguage\":\"en-US\"},{\"@type\":\"Organization\",\"@id\":\"https:\/\/prawo-oze.uwr.edu.pl\/#organization\",\"name\":\"Wydzia\u0142 Prawa, Administracji i Ekonomii Uniwersytetu Wroc\u0142awskiego\",\"url\":\"https:\/\/prawo-oze.uwr.edu.pl\/\",\"logo\":{\"@type\":\"ImageObject\",\"inLanguage\":\"en-US\",\"@id\":\"https:\/\/prawo-oze.uwr.edu.pl\/#\/schema\/logo\/image\/\",\"url\":\"https:\/\/prawo-oze.uwr.edu.pl\/wp-content\/uploads\/sites\/422\/2022\/06\/Warstwa_x0020_1@2x-1024x327-1.webp\",\"contentUrl\":\"https:\/\/prawo-oze.uwr.edu.pl\/wp-content\/uploads\/sites\/422\/2022\/06\/Warstwa_x0020_1@2x-1024x327-1.webp\",\"width\":1024,\"height\":327,\"caption\":\"Wydzia\u0142 Prawa, Administracji i Ekonomii Uniwersytetu Wroc\u0142awskiego\"},\"image\":{\"@id\":\"https:\/\/prawo-oze.uwr.edu.pl\/#\/schema\/logo\/image\/\"},\"sameAs\":[\"https:\/\/www.facebook.com\/profile.php?id=100094329344171\"],\"mainEntityOfPage\":{\"@id\":\"https:\/\/prawo-oze.uwr.edu.pl\/wp-content\/uploads\/sites\/422\/2023\/09\/Dariusz-Adamski-scaled.jpg\"}}]}<\/script>\n<!-- \/ Yoast SEO plugin. -->","yoast_head_json":{"title":"Dariusz-Adamski - Transformacja energetyczno-klimatyczna. Prawo odnawialnych \u017ar\u00f3de\u0142 energii","robots":{"index":"index","follow":"follow","max-snippet":"max-snippet:-1","max-image-preview":"max-image-preview:large","max-video-preview":"max-video-preview:-1"},"canonical":"https:\/\/prawo-oze.uwr.edu.pl\/wp-content\/uploads\/sites\/422\/2023\/09\/Dariusz-Adamski-scaled.jpg","og_locale":"en_US","og_type":"article","og_title":"Dariusz-Adamski - Transformacja energetyczno-klimatyczna. Prawo odnawialnych \u017ar\u00f3de\u0142 energii","og_description":"Dariusz Adamski","og_url":"https:\/\/prawo-oze.uwr.edu.pl\/wp-content\/uploads\/sites\/422\/2023\/09\/Dariusz-Adamski-scaled.jpg","og_site_name":"Transformacja energetyczno-klimatyczna. Prawo odnawialnych \u017ar\u00f3de\u0142 energii","article_publisher":"https:\/\/www.facebook.com\/profile.php?id=100094329344171","article_modified_time":"2023-09-13T15:55:00+00:00","og_image":[{"width":2560,"height":1708,"url":"https:\/\/prawo-oze.uwr.edu.pl\/wp-content\/uploads\/sites\/422\/2023\/09\/Dariusz-Adamski-scaled.jpg","type":"image\/jpeg"}],"twitter_card":"summary_large_image","schema":{"@context":"https:\/\/schema.org","@graph":[{"@type":["WebPage","ProfilePage"],"@id":"https:\/\/prawo-oze.uwr.edu.pl\/wp-content\/uploads\/sites\/422\/2023\/09\/Dariusz-Adamski-scaled.jpg","url":"https:\/\/prawo-oze.uwr.edu.pl\/wp-content\/uploads\/sites\/422\/2023\/09\/Dariusz-Adamski-scaled.jpg","name":"Dariusz-Adamski - Transformacja energetyczno-klimatyczna. Prawo odnawialnych \u017ar\u00f3de\u0142 energii","isPartOf":{"@id":"https:\/\/prawo-oze.uwr.edu.pl\/#website"},"datePublished":"2023-09-13T15:32:14+00:00","dateModified":"2023-09-13T15:55:00+00:00","breadcrumb":{"@id":"https:\/\/prawo-oze.uwr.edu.pl\/wp-content\/uploads\/sites\/422\/2023\/09\/Dariusz-Adamski-scaled.jpg#breadcrumb"},"inLanguage":"en-US","potentialAction":[{"@type":"ReadAction","target":["https:\/\/prawo-oze.uwr.edu.pl\/wp-content\/uploads\/sites\/422\/2023\/09\/Dariusz-Adamski-scaled.jpg"]}]},{"@type":"BreadcrumbList","@id":"https:\/\/prawo-oze.uwr.edu.pl\/wp-content\/uploads\/sites\/422\/2023\/09\/Dariusz-Adamski-scaled.jpg#breadcrumb","itemListElement":[{"@type":"ListItem","position":1,"name":"Strona g\u0142\u00f3wna","item":"https:\/\/prawo-oze.uwr.edu.pl\/"},{"@type":"ListItem","position":2,"name":"Dariusz-Adamski"}]},{"@type":"WebSite","@id":"https:\/\/prawo-oze.uwr.edu.pl\/#website","url":"https:\/\/prawo-oze.uwr.edu.pl\/","name":"Transformacja energetyczno-klimatyczna. Prawo odnawialnych \u017ar\u00f3de\u0142 energii","description":"Kolejna witryna sieci \u201eUWR Witryny\u201d","publisher":{"@id":"https:\/\/prawo-oze.uwr.edu.pl\/#organization"},"potentialAction":[{"@type":"SearchAction","target":{"@type":"EntryPoint","urlTemplate":"https:\/\/prawo-oze.uwr.edu.pl\/?s={search_term_string}"},"query-input":{"@type":"PropertyValueSpecification","valueRequired":true,"valueName":"search_term_string"}}],"inLanguage":"en-US"},{"@type":"Organization","@id":"https:\/\/prawo-oze.uwr.edu.pl\/#organization","name":"Wydzia\u0142 Prawa, Administracji i Ekonomii Uniwersytetu Wroc\u0142awskiego","url":"https:\/\/prawo-oze.uwr.edu.pl\/","logo":{"@type":"ImageObject","inLanguage":"en-US","@id":"https:\/\/prawo-oze.uwr.edu.pl\/#\/schema\/logo\/image\/","url":"https:\/\/prawo-oze.uwr.edu.pl\/wp-content\/uploads\/sites\/422\/2022\/06\/Warstwa_x0020_1@2x-1024x327-1.webp","contentUrl":"https:\/\/prawo-oze.uwr.edu.pl\/wp-content\/uploads\/sites\/422\/2022\/06\/Warstwa_x0020_1@2x-1024x327-1.webp","width":1024,"height":327,"caption":"Wydzia\u0142 Prawa, Administracji i Ekonomii Uniwersytetu Wroc\u0142awskiego"},"image":{"@id":"https:\/\/prawo-oze.uwr.edu.pl\/#\/schema\/logo\/image\/"},"sameAs":["https:\/\/www.facebook.com\/profile.php?id=100094329344171"],"mainEntityOfPage":{"@id":"https:\/\/prawo-oze.uwr.edu.pl\/wp-content\/uploads\/sites\/422\/2023\/09\/Dariusz-Adamski-scaled.jpg"}}]}},"publishpress_future_workflow_manual_trigger":{"enabledWorkflows":[]},"description":{"rendered":"<p class=\"attachment\"><a href='https:\/\/prawo-oze.uwr.edu.pl\/wp-content\/uploads\/sites\/422\/2023\/09\/Dariusz-Adamski-scaled.jpg'><img loading=\"lazy\" decoding=\"async\" width=\"300\" height=\"200\" src=\"https:\/\/prawo-oze.uwr.edu.pl\/wp-content\/uploads\/sites\/422\/2023\/09\/Dariusz-Adamski-300x200.jpg\" class=\"attachment-medium size-medium\" alt=\"Dariusz Adamski\" srcset=\"https:\/\/prawo-oze.uwr.edu.pl\/wp-content\/uploads\/sites\/422\/2023\/09\/Dariusz-Adamski-300x200.jpg 300w, https:\/\/prawo-oze.uwr.edu.pl\/wp-content\/uploads\/sites\/422\/2023\/09\/Dariusz-Adamski-1024x683.jpg 1024w, https:\/\/prawo-oze.uwr.edu.pl\/wp-content\/uploads\/sites\/422\/2023\/09\/Dariusz-Adamski-768x512.jpg 768w, https:\/\/prawo-oze.uwr.edu.pl\/wp-content\/uploads\/sites\/422\/2023\/09\/Dariusz-Adamski-1536x1025.jpg 1536w, https:\/\/prawo-oze.uwr.edu.pl\/wp-content\/uploads\/sites\/422\/2023\/09\/Dariusz-Adamski-2048x1366.jpg 2048w, https:\/\/prawo-oze.uwr.edu.pl\/wp-content\/uploads\/sites\/422\/2023\/09\/Dariusz-Adamski-1320x880.jpg 1320w, https:\/\/prawo-oze.uwr.edu.pl\/wp-content\/uploads\/sites\/422\/2023\/09\/Dariusz-Adamski-24x16.jpg 24w, https:\/\/prawo-oze.uwr.edu.pl\/wp-content\/uploads\/sites\/422\/2023\/09\/Dariusz-Adamski-36x24.jpg 36w, https:\/\/prawo-oze.uwr.edu.pl\/wp-content\/uploads\/sites\/422\/2023\/09\/Dariusz-Adamski-48x32.jpg 48w\" sizes=\"auto, (max-width: 300px) 100vw, 300px\" \/><\/a><\/p>\n"},"caption":{"rendered":"<p>Dariusz Adamski<\/p>\n"},"alt_text":"Dariusz Adamski","media_type":"image","mime_type":"image\/jpeg","media_details":{"width":2560,"height":1708,"file":"2023\/09\/Dariusz-Adamski-scaled.jpg","filesize":486022,"sizes":{"medium":{"file":"Dariusz-Adamski-300x200.jpg","width":300,"height":200,"filesize":11337,"mime_type":"image\/jpeg","source_url":"https:\/\/prawo-oze.uwr.edu.pl\/wp-content\/uploads\/sites\/422\/2023\/09\/Dariusz-Adamski-300x200.jpg"},"large":{"file":"Dariusz-Adamski-1024x683.jpg","width":1024,"height":683,"filesize":70070,"mime_type":"image\/jpeg","source_url":"https:\/\/prawo-oze.uwr.edu.pl\/wp-content\/uploads\/sites\/422\/2023\/09\/Dariusz-Adamski-1024x683.jpg"},"thumbnail":{"file":"Dariusz-Adamski-150x150.jpg","width":150,"height":150,"filesize":6103,"mime_type":"image\/jpeg","source_url":"https:\/\/prawo-oze.uwr.edu.pl\/wp-content\/uploads\/sites\/422\/2023\/09\/Dariusz-Adamski-150x150.jpg"},"medium_large":{"file":"Dariusz-Adamski-768x512.jpg","width":768,"height":512,"filesize":43526,"mime_type":"image\/jpeg","source_url":"https:\/\/prawo-oze.uwr.edu.pl\/wp-content\/uploads\/sites\/422\/2023\/09\/Dariusz-Adamski-768x512.jpg"},"1536x1536":{"file":"Dariusz-Adamski-1536x1025.jpg","width":1536,"height":1025,"filesize":152791,"mime_type":"image\/jpeg","source_url":"https:\/\/prawo-oze.uwr.edu.pl\/wp-content\/uploads\/sites\/422\/2023\/09\/Dariusz-Adamski-1536x1025.jpg"},"2048x2048":{"file":"Dariusz-Adamski-2048x1366.jpg","width":2048,"height":1366,"filesize":292388,"mime_type":"image\/jpeg","source_url":"https:\/\/prawo-oze.uwr.edu.pl\/wp-content\/uploads\/sites\/422\/2023\/09\/Dariusz-Adamski-2048x1366.jpg"},"mailpoet_newsletter_max":{"file":"Dariusz-Adamski-1320x880.jpg","width":1320,"height":880,"filesize":110841,"mime_type":"image\/jpeg","source_url":"https:\/\/prawo-oze.uwr.edu.pl\/wp-content\/uploads\/sites\/422\/2023\/09\/Dariusz-Adamski-1320x880.jpg"},"menu-24x24":{"file":"Dariusz-Adamski-24x16.jpg","width":24,"height":16,"filesize":878,"mime_type":"image\/jpeg","source_url":"https:\/\/prawo-oze.uwr.edu.pl\/wp-content\/uploads\/sites\/422\/2023\/09\/Dariusz-Adamski-24x16.jpg"},"menu-36x36":{"file":"Dariusz-Adamski-36x24.jpg","width":36,"height":24,"filesize":1090,"mime_type":"image\/jpeg","source_url":"https:\/\/prawo-oze.uwr.edu.pl\/wp-content\/uploads\/sites\/422\/2023\/09\/Dariusz-Adamski-36x24.jpg"},"menu-48x48":{"file":"Dariusz-Adamski-48x32.jpg","width":48,"height":32,"filesize":1312,"mime_type":"image\/jpeg","source_url":"https:\/\/prawo-oze.uwr.edu.pl\/wp-content\/uploads\/sites\/422\/2023\/09\/Dariusz-Adamski-48x32.jpg"},"full":{"file":"Dariusz-Adamski-scaled.jpg","width":2560,"height":1708,"mime_type":"image\/jpeg","source_url":"https:\/\/prawo-oze.uwr.edu.pl\/wp-content\/uploads\/sites\/422\/2023\/09\/Dariusz-Adamski-scaled.jpg"}},"image_meta":{"aperture":"2.2","credit":"","camera":"ILCE-7RM3","caption":"","created_timestamp":"1592223740","copyright":"","focal_length":"85","iso":"320","shutter_speed":"0.008","title":"","orientation":"0","keywords":[]},"original_image":"Dariusz-Adamski.jpg"},"post":null,"source_url":"https:\/\/prawo-oze.uwr.edu.pl\/wp-content\/uploads\/sites\/422\/2023\/09\/Dariusz-Adamski-scaled.jpg","_links":{"self":[{"href":"https:\/\/prawo-oze.uwr.edu.pl\/en\/wp-json\/wp\/v2\/media\/25053\/"}],"collection":[{"href":"https:\/\/prawo-oze.uwr.edu.pl\/en\/wp-json\/wp\/v2\/media\/"}],"about":[{"href":"https:\/\/prawo-oze.uwr.edu.pl\/en\/wp-json\/wp\/v2\/types\/attachment\/"}],"author":[{"embeddable":true,"href":"https:\/\/prawo-oze.uwr.edu.pl\/en\/wp-json\/wp\/v2\/users\/4764\/"}],"version-history":[{"count":0,"href":"https:\/\/prawo-oze.uwr.edu.pl\/en\/wp-json\/wp\/v2\/media\/25053\/revisions\/"}],"wp:term":[{"taxonomy":"attachment_category","embeddable":true,"href":"https:\/\/prawo-oze.uwr.edu.pl\/en\/wp-json\/wp\/v2\/attachment_category\/?post=25053"},{"taxonomy":"attachment_tag","embeddable":true,"href":"https:\/\/prawo-oze.uwr.edu.pl\/en\/wp-json\/wp\/v2\/attachment_tag\/?post=25053"}],"curies":[{"name":"wp","href":"https:\/\/api.w.org\/{rel}","templated":true}]}}